{"id":16,"date":"2024-05-08T08:29:30","date_gmt":"2024-05-08T06:29:30","guid":{"rendered":"https:\/\/latijerayeldedal.com\/blog\/?page_id=16"},"modified":"2024-09-17T17:24:11","modified_gmt":"2024-09-17T15:24:11","slug":"bienvenidas-al-retroblog-de-la-tijera-y-el-dedal","status":"publish","type":"page","link":"https:\/\/latijerayeldedal.com\/blog\/bienvenidas-al-retroblog-de-la-tijera-y-el-dedal\/","title":{"rendered":"\u00a1Bienvenidas al Retroblog de La Tijera y el Dedal!"},"content":{"rendered":"\t\t<div data-elementor-type=\"wp-page\" data-elementor-id=\"16\" class=\"elementor elementor-16\">\n\t\t\t\t<div class=\"elementor-element elementor-element-665c257 e-flex e-con-boxed e-con e-parent\" data-id=\"665c257\" data-element_type=\"container\">\n\t\t\t\t\t<div class=\"e-con-inner\">\n\t\t\t\t<div class=\"elementor-element elementor-element-9cd9ebd elementor-widget elementor-widget-text-editor\" data-id=\"9cd9ebd\" data-element_type=\"widget\" data-widget_type=\"text-editor.default\">\n\t\t\t\t<div class=\"elementor-widget-container\">\n\t\t\t\t\t\t\t<h3><strong>\u00a1Bienvenidas al Retroblog de La Tijera y el Dedal!<\/strong><\/h3>\t\t\t\t\t\t<\/div>\n\t\t\t\t<\/div>\n\t\t\t\t\t<\/div>\n\t\t\t\t<\/div>\n\t\t<div class=\"elementor-element elementor-element-87f67bf e-flex e-con-boxed e-con e-parent\" data-id=\"87f67bf\" data-element_type=\"container\">\n\t\t\t\t\t<div class=\"e-con-inner\">\n\t\t\t\t<div class=\"elementor-element elementor-element-9e852fa elementor-widget elementor-widget-image\" data-id=\"9e852fa\" data-element_type=\"widget\" data-widget_type=\"image.default\">\n\t\t\t\t<div class=\"elementor-widget-container\">\n\t\t\t\t\t\t\t\t\t\t\t\t\t<img fetchpriority=\"high\" decoding=\"async\" width=\"1024\" height=\"576\" src=\"https:\/\/latijerayeldedal.com\/blog\/wp-content\/uploads\/2024\/09\/Portada-Retroblog_Mesa-de-trabajo-1-1024x576.png\" class=\"attachment-large size-large wp-image-1088\" alt=\"\" srcset=\"https:\/\/latijerayeldedal.com\/blog\/wp-content\/uploads\/2024\/09\/Portada-Retroblog_Mesa-de-trabajo-1-1024x576.png 1024w, https:\/\/latijerayeldedal.com\/blog\/wp-content\/uploads\/2024\/09\/Portada-Retroblog_Mesa-de-trabajo-1-300x169.png 300w, https:\/\/latijerayeldedal.com\/blog\/wp-content\/uploads\/2024\/09\/Portada-Retroblog_Mesa-de-trabajo-1-768x432.png 768w, https:\/\/latijerayeldedal.com\/blog\/wp-content\/uploads\/2024\/09\/Portada-Retroblog_Mesa-de-trabajo-1-1536x864.png 1536w, https:\/\/latijerayeldedal.com\/blog\/wp-content\/uploads\/2024\/09\/Portada-Retroblog_Mesa-de-trabajo-1.png 1920w\" sizes=\"(max-width: 1024px) 100vw, 1024px\" \/>\t\t\t\t\t\t\t\t\t\t\t\t\t<\/div>\n\t\t\t\t<\/div>\n\t\t\t\t\t<\/div>\n\t\t\t\t<\/div>\n\t\t<div class=\"elementor-element elementor-element-0c1f652 e-flex e-con-boxed e-con e-parent\" data-id=\"0c1f652\" data-element_type=\"container\">\n\t\t\t\t\t<div class=\"e-con-inner\">\n\t\t\t\t<div class=\"elementor-element elementor-element-20c4ef5 elementor-widget elementor-widget-text-editor\" data-id=\"20c4ef5\" data-element_type=\"widget\" data-widget_type=\"text-editor.default\">\n\t\t\t\t<div class=\"elementor-widget-container\">\n\t\t\t\t\t\t\t<p>Estamos emocionadas de anunciar el lanzamiento del <b>Retroblog de La Tijera y el Dedal<\/b>, un viaje nost\u00e1lgico que nos llevar\u00e1 de regreso al <b>1 de noviembre de 2011<\/b>, cuando realizamos nuestra primera publicaci\u00f3n. Este proyecto especial busca revivir aquellos momentos que han sido fundamentales en <b>nuestra historia<\/b>, permiti\u00e9ndonos recordar y compartir con vosotras las experiencias que nos han hecho crecer y evolucionar.<\/p><p>A partir de hoy, <b>cada d\u00eda<\/b> de la semana <b>publicaremos contenido<\/b> hacia atr\u00e1s, reviviendo aquellos momentos, labores y ocurrencias que han moldeado <b>nuestra trayectoria<\/b> y nos han convertido en la <b>gran familia<\/b> que somos hoy. Queremos compartir con vosotras nuestros primeros pasos, las ideas que nos inspiraron y los proyectos que nos llenaron de <b>orgullo<\/b>. Ser\u00e1 una oportunidad para recordar juntas los <b>aprendizajes<\/b> y <b>logros<\/b> que hemos alcanzado a lo largo de los a\u00f1os.<\/p><p>Nuestro <b>objetivo<\/b> con el Retroblog es ofrecer una mirada cercana y detallada a los eventos y decisiones que nos han definido. Desde nuestros primeros <b>tutoriales<\/b> y <b>patrones<\/b> hasta los eventos especiales y colaboraciones que marcaron <b>hitos importantes<\/b>, cada entrada del retroblog ser\u00e1 una pieza del rompecabezas que forma la rica historia de La Tijera y el Dedal.<\/p><p>Queremos que cada publicaci\u00f3n sea una <b>ventana al pasado<\/b>, una oportunidad para que nuevas seguidoras descubran la esencia de nuestro blog y para que las seguidoras de siempre revivan sus <b>recuerdos favoritos<\/b>. Esperamos que disfrut\u00e9is este recorrido tanto como nosotras. \u00a1<b>Acomp\u00e1\u00f1anos en esta aventura<\/b> de hilo, aguja y recuerdos!<\/p><p>Con cari\u00f1o,<br \/>El equipo de <b>La Tijera y el Dedal<\/b><\/p>\t\t\t\t\t\t<\/div>\n\t\t\t\t<\/div>\n\t\t\t\t\t<\/div>\n\t\t\t\t<\/div>\n\t\t<div class=\"elementor-element elementor-element-0c6c31f e-grid e-con-boxed e-con e-parent\" data-id=\"0c6c31f\" data-element_type=\"container\">\n\t\t\t\t\t<div class=\"e-con-inner\">\n\t\t\t\t<div class=\"elementor-element elementor-element-c3b6bb3 elementor-widget-mobile__width-inherit elementor-widget elementor-widget-raven-advanced-posts\" data-id=\"c3b6bb3\" data-element_type=\"widget\" data-settings=\"{&quot;general_layout&quot;:&quot;metro&quot;,&quot;pagination_type&quot;:&quot;load_more&quot;,&quot;metro_matrix_rows_gap&quot;:{&quot;unit&quot;:&quot;px&quot;,&quot;size&quot;:15,&quot;sizes&quot;:[]},&quot;metro_matrix_rows_gap_mobile&quot;:{&quot;unit&quot;:&quot;px&quot;,&quot;size&quot;:0,&quot;sizes&quot;:[]},&quot;query_posts_per_page&quot;:6,&quot;query_offset&quot;:0,&quot;metro_matrix_rows_gap_tablet&quot;:{&quot;unit&quot;:&quot;px&quot;,&quot;size&quot;:&quot;&quot;,&quot;sizes&quot;:[]}}\" data-widget_type=\"raven-advanced-posts.default\">\n\t\t\t\t<div class=\"elementor-widget-container\">\n\t\t\t\t\t<div class=\"raven-posts raven-posts-metro\">\n\t\t\t\t\t\t<div class=\"advanced-posts-content content-layout-under-image raven-metro raven-metro-3 raven-metro-mobile-1 raven-metro-tablet-2  \" data-post-id=\"16\" data-archive-query=\"\">\n\t\t\t\t<div class=\"raven-posts-item raven-metro-item  raven-posts-full-width\"><div class=\"raven-post-wrapper \"><div class=\"raven-post  \"><div class=\"raven-post-image-wrap\"><ul class=\"raven-post-meta-item raven-post-tags\"><li><a href=\"https:\/\/latijerayeldedal.com\/blog\/tag\/acolchado\/\" rel=\"tag\">acolchado<\/a><\/li><li><a href=\"https:\/\/latijerayeldedal.com\/blog\/tag\/cursos-y-talleres\/\" rel=\"tag\">Cursos y Talleres<\/a><\/li><li><a href=\"https:\/\/latijerayeldedal.com\/blog\/tag\/monograficos-2\/\" rel=\"tag\">monograficos<\/a><\/li><\/ul><a class=\"raven-post-image raven-image-fit\" href=\"https:\/\/latijerayeldedal.com\/blog\/talleres-de-acolchado-a-maquina\/\"> <img decoding=\"async\" width=\"1024\" height=\"678\" src=\"https:\/\/latijerayeldedal.com\/blog\/wp-content\/uploads\/2024\/12\/acolchado-a-maquina-1024x678.jpg\" class=\"attachment-large size-large wp-image-1320\" alt=\"\" srcset=\"https:\/\/latijerayeldedal.com\/blog\/wp-content\/uploads\/2024\/12\/acolchado-a-maquina-1024x678.jpg 1024w, https:\/\/latijerayeldedal.com\/blog\/wp-content\/uploads\/2024\/12\/acolchado-a-maquina-300x199.jpg 300w, https:\/\/latijerayeldedal.com\/blog\/wp-content\/uploads\/2024\/12\/acolchado-a-maquina-768x508.jpg 768w, https:\/\/latijerayeldedal.com\/blog\/wp-content\/uploads\/2024\/12\/acolchado-a-maquina-1536x1017.jpg 1536w, https:\/\/latijerayeldedal.com\/blog\/wp-content\/uploads\/2024\/12\/acolchado-a-maquina.jpg 1600w\" sizes=\"(max-width: 1024px) 100vw, 1024px\" \/><span class=\"raven-post-image-overlay\"><\/span><\/a><\/div><div class=\"raven-post-content\"><div class=\"raven-post-meta\"><a class=\"raven-post-meta-item raven-post-date\" href=\"https:\/\/latijerayeldedal.com\/blog\/2024\/12\/\" rel=\"bookmark\">diciembre 20, 2024<\/a><\/div><h3 class=\"raven-post-title\"><a class=\"raven-post-title-link\" href=\"https:\/\/latijerayeldedal.com\/blog\/talleres-de-acolchado-a-maquina\/\">Talleres de acolchado a m\u00e1quina<\/a><\/h3><div class=\"raven-post-excerpt\">Para las pr\u00f3ximas semanas os hemos preparado los siguientes talleres de acolchado a m\u00e1quina, con dos opciones de<\/div><div class=\"raven-post-read-more\"><a class=\"raven-post-button\" href=\"https:\/\/latijerayeldedal.com\/blog\/talleres-de-acolchado-a-maquina\/\"><span class=\"raven-post-button-text\">Leer m\u00e1s<\/span><\/a><\/div><div class=\"raven-post-author-spotlight\"><a href=\"https:\/\/latijerayeldedal.com\/blog\/author\/latijerayeldedal\/\"><img decoding=\"async\" src=\"https:\/\/secure.gravatar.com\/avatar\/1ca3b39db033dbb724c1cf5aa644cb7e72c5705ca5972f7ed7afca0805c7b64d?s=256&amp;d=mm&amp;r=g\" title=\"latijerayeldedal\" alt=\"latijerayeldedal\">By latijerayeldedal<\/a><\/div><\/div><\/div><\/div><\/div><div class=\"raven-posts-item raven-metro-item  \"><div class=\"raven-post-wrapper \"><div class=\"raven-post  \"><div class=\"raven-post-image-wrap\"><ul class=\"raven-post-meta-item raven-post-tags\"><li><a href=\"https:\/\/latijerayeldedal.com\/blog\/tag\/costura-creativa\/\" rel=\"tag\">costura creativa<\/a><\/li><li><a href=\"https:\/\/latijerayeldedal.com\/blog\/tag\/handmade\/\" rel=\"tag\">handmade<\/a><\/li><li><a href=\"https:\/\/latijerayeldedal.com\/blog\/tag\/monograficos-2\/\" rel=\"tag\">monograficos<\/a><\/li><li><a href=\"https:\/\/latijerayeldedal.com\/blog\/tag\/munecas\/\" rel=\"tag\">mu\u00f1ecas<\/a><\/li><li><a href=\"https:\/\/latijerayeldedal.com\/blog\/tag\/navidad\/\" rel=\"tag\">navidad<\/a><\/li><\/ul><a class=\"raven-post-image raven-image-fit\" href=\"https:\/\/latijerayeldedal.com\/blog\/taller-de-munequeria-creativa-2\/\"> <img decoding=\"async\" width=\"1024\" height=\"683\" src=\"https:\/\/latijerayeldedal.com\/blog\/wp-content\/uploads\/2024\/12\/IMG_6743-1024x683.jpg\" class=\"attachment-large size-large wp-image-1318\" alt=\"\" srcset=\"https:\/\/latijerayeldedal.com\/blog\/wp-content\/uploads\/2024\/12\/IMG_6743-1024x683.jpg 1024w, https:\/\/latijerayeldedal.com\/blog\/wp-content\/uploads\/2024\/12\/IMG_6743-300x200.jpg 300w, https:\/\/latijerayeldedal.com\/blog\/wp-content\/uploads\/2024\/12\/IMG_6743-768x512.jpg 768w, https:\/\/latijerayeldedal.com\/blog\/wp-content\/uploads\/2024\/12\/IMG_6743-1536x1024.jpg 1536w, https:\/\/latijerayeldedal.com\/blog\/wp-content\/uploads\/2024\/12\/IMG_6743.jpg 1600w\" sizes=\"(max-width: 1024px) 100vw, 1024px\" \/><span class=\"raven-post-image-overlay\"><\/span><\/a><\/div><div class=\"raven-post-content\"><div class=\"raven-post-meta\"><a class=\"raven-post-meta-item raven-post-date\" href=\"https:\/\/latijerayeldedal.com\/blog\/2024\/12\/\" rel=\"bookmark\">diciembre 18, 2024<\/a><\/div><h3 class=\"raven-post-title\"><a class=\"raven-post-title-link\" href=\"https:\/\/latijerayeldedal.com\/blog\/taller-de-munequeria-creativa-2\/\">Taller de mu\u00f1equer\u00eda creativa<\/a><\/h3><div class=\"raven-post-excerpt\">El pasado s\u00e1bado 8 de noviembre realizamos en la mercer\u00eda La Tijera y el Dedal un Taller de<\/div><div class=\"raven-post-read-more\"><a class=\"raven-post-button\" href=\"https:\/\/latijerayeldedal.com\/blog\/taller-de-munequeria-creativa-2\/\"><span class=\"raven-post-button-text\">Leer m\u00e1s<\/span><\/a><\/div><div class=\"raven-post-author-spotlight\"><a href=\"https:\/\/latijerayeldedal.com\/blog\/author\/latijerayeldedal\/\"><img decoding=\"async\" src=\"https:\/\/secure.gravatar.com\/avatar\/1ca3b39db033dbb724c1cf5aa644cb7e72c5705ca5972f7ed7afca0805c7b64d?s=256&amp;d=mm&amp;r=g\" title=\"latijerayeldedal\" alt=\"latijerayeldedal\">By latijerayeldedal<\/a><\/div><\/div><\/div><\/div><\/div><div class=\"raven-posts-item raven-metro-item  \"><div class=\"raven-post-wrapper \"><div class=\"raven-post  \"><div class=\"raven-post-image-wrap\"><ul class=\"raven-post-meta-item raven-post-tags\"><li><a href=\"https:\/\/latijerayeldedal.com\/blog\/tag\/colchas\/\" rel=\"tag\">colchas<\/a><\/li><li><a href=\"https:\/\/latijerayeldedal.com\/blog\/tag\/costura-creativa\/\" rel=\"tag\">costura creativa<\/a><\/li><li><a href=\"https:\/\/latijerayeldedal.com\/blog\/tag\/handmade\/\" rel=\"tag\">handmade<\/a><\/li><li><a href=\"https:\/\/latijerayeldedal.com\/blog\/tag\/patchwork\/\" rel=\"tag\">patchwork<\/a><\/li><\/ul><a class=\"raven-post-image raven-image-fit\" href=\"https:\/\/latijerayeldedal.com\/blog\/la-increible-colcha-de-maribel\/\"> <img loading=\"lazy\" decoding=\"async\" width=\"801\" height=\"1024\" src=\"https:\/\/latijerayeldedal.com\/blog\/wp-content\/uploads\/2024\/12\/colcha-acabada-801x1024.jpg\" class=\"attachment-large size-large wp-image-1313\" alt=\"\" srcset=\"https:\/\/latijerayeldedal.com\/blog\/wp-content\/uploads\/2024\/12\/colcha-acabada-801x1024.jpg 801w, https:\/\/latijerayeldedal.com\/blog\/wp-content\/uploads\/2024\/12\/colcha-acabada-235x300.jpg 235w, https:\/\/latijerayeldedal.com\/blog\/wp-content\/uploads\/2024\/12\/colcha-acabada-768x982.jpg 768w, https:\/\/latijerayeldedal.com\/blog\/wp-content\/uploads\/2024\/12\/colcha-acabada-1201x1536.jpg 1201w, https:\/\/latijerayeldedal.com\/blog\/wp-content\/uploads\/2024\/12\/colcha-acabada.jpg 1251w\" sizes=\"(max-width: 801px) 100vw, 801px\" \/><span class=\"raven-post-image-overlay\"><\/span><\/a><\/div><div class=\"raven-post-content\"><div class=\"raven-post-meta\"><a class=\"raven-post-meta-item raven-post-date\" href=\"https:\/\/latijerayeldedal.com\/blog\/2024\/12\/\" rel=\"bookmark\">diciembre 17, 2024<\/a><\/div><h3 class=\"raven-post-title\"><a class=\"raven-post-title-link\" href=\"https:\/\/latijerayeldedal.com\/blog\/la-increible-colcha-de-maribel\/\">La incre\u00edble colcha de Maribel<\/a><\/h3><div class=\"raven-post-excerpt\">Hoy os traemos uno de los proyectos m\u00e1s incre\u00edbles y bonitos que os hemos presentado. Se trata de<\/div><div class=\"raven-post-read-more\"><a class=\"raven-post-button\" href=\"https:\/\/latijerayeldedal.com\/blog\/la-increible-colcha-de-maribel\/\"><span class=\"raven-post-button-text\">Leer m\u00e1s<\/span><\/a><\/div><div class=\"raven-post-author-spotlight\"><a href=\"https:\/\/latijerayeldedal.com\/blog\/author\/latijerayeldedal\/\"><img decoding=\"async\" src=\"https:\/\/secure.gravatar.com\/avatar\/1ca3b39db033dbb724c1cf5aa644cb7e72c5705ca5972f7ed7afca0805c7b64d?s=256&amp;d=mm&amp;r=g\" title=\"latijerayeldedal\" alt=\"latijerayeldedal\">By latijerayeldedal<\/a><\/div><\/div><\/div><\/div><\/div><div class=\"raven-posts-item raven-metro-item  raven-posts-full-width\"><div class=\"raven-post-wrapper \"><div class=\"raven-post  \"><div class=\"raven-post-image-wrap\"><ul class=\"raven-post-meta-item raven-post-tags\"><li><a href=\"https:\/\/latijerayeldedal.com\/blog\/tag\/handmade\/\" rel=\"tag\">handmade<\/a><\/li><li><a href=\"https:\/\/latijerayeldedal.com\/blog\/tag\/mochilas\/\" rel=\"tag\">mochilas<\/a><\/li><li><a href=\"https:\/\/latijerayeldedal.com\/blog\/tag\/patchwork\/\" rel=\"tag\">patchwork<\/a><\/li><\/ul><a class=\"raven-post-image raven-image-fit\" href=\"https:\/\/latijerayeldedal.com\/blog\/mochilas-de-patchwork-de-maribel\/\"> <img loading=\"lazy\" decoding=\"async\" width=\"800\" height=\"600\" src=\"https:\/\/latijerayeldedal.com\/blog\/wp-content\/uploads\/2024\/12\/IMG-20141028-WA0027.jpg\" class=\"attachment-large size-large wp-image-1310\" alt=\"\" srcset=\"https:\/\/latijerayeldedal.com\/blog\/wp-content\/uploads\/2024\/12\/IMG-20141028-WA0027.jpg 800w, https:\/\/latijerayeldedal.com\/blog\/wp-content\/uploads\/2024\/12\/IMG-20141028-WA0027-300x225.jpg 300w, https:\/\/latijerayeldedal.com\/blog\/wp-content\/uploads\/2024\/12\/IMG-20141028-WA0027-768x576.jpg 768w\" sizes=\"(max-width: 800px) 100vw, 800px\" \/><span class=\"raven-post-image-overlay\"><\/span><\/a><\/div><div class=\"raven-post-content\"><div class=\"raven-post-meta\"><a class=\"raven-post-meta-item raven-post-date\" href=\"https:\/\/latijerayeldedal.com\/blog\/2024\/12\/\" rel=\"bookmark\">diciembre 16, 2024<\/a><\/div><h3 class=\"raven-post-title\"><a class=\"raven-post-title-link\" href=\"https:\/\/latijerayeldedal.com\/blog\/mochilas-de-patchwork-de-maribel\/\">Mochilas de patchwork de Maribel<\/a><\/h3><div class=\"raven-post-excerpt\">\u00a1Mirad qu\u00e9 pasada de mochilas de patchwork ha realizado Maribel en la mercer\u00eda La Tijera y el Dedal!<\/div><div class=\"raven-post-read-more\"><a class=\"raven-post-button\" href=\"https:\/\/latijerayeldedal.com\/blog\/mochilas-de-patchwork-de-maribel\/\"><span class=\"raven-post-button-text\">Leer m\u00e1s<\/span><\/a><\/div><div class=\"raven-post-author-spotlight\"><a href=\"https:\/\/latijerayeldedal.com\/blog\/author\/latijerayeldedal\/\"><img decoding=\"async\" src=\"https:\/\/secure.gravatar.com\/avatar\/1ca3b39db033dbb724c1cf5aa644cb7e72c5705ca5972f7ed7afca0805c7b64d?s=256&amp;d=mm&amp;r=g\" title=\"latijerayeldedal\" alt=\"latijerayeldedal\">By latijerayeldedal<\/a><\/div><\/div><\/div><\/div><\/div><div class=\"raven-posts-item raven-metro-item  \"><div class=\"raven-post-wrapper \"><div class=\"raven-post  \"><div class=\"raven-post-image-wrap\"><ul class=\"raven-post-meta-item raven-post-tags\"><li><a href=\"https:\/\/latijerayeldedal.com\/blog\/tag\/bolsos\/\" rel=\"tag\">bolsos<\/a><\/li><li><a href=\"https:\/\/latijerayeldedal.com\/blog\/tag\/handmade\/\" rel=\"tag\">handmade<\/a><\/li><\/ul><a class=\"raven-post-image raven-image-fit\" href=\"https:\/\/latijerayeldedal.com\/blog\/mochila-de-hortensia\/\"> <img loading=\"lazy\" decoding=\"async\" width=\"600\" height=\"800\" src=\"https:\/\/latijerayeldedal.com\/blog\/wp-content\/uploads\/2024\/11\/IMG-20141028-WA0034.jpg\" class=\"attachment-large size-large wp-image-1306\" alt=\"\" srcset=\"https:\/\/latijerayeldedal.com\/blog\/wp-content\/uploads\/2024\/11\/IMG-20141028-WA0034.jpg 600w, https:\/\/latijerayeldedal.com\/blog\/wp-content\/uploads\/2024\/11\/IMG-20141028-WA0034-225x300.jpg 225w\" sizes=\"(max-width: 600px) 100vw, 600px\" \/><span class=\"raven-post-image-overlay\"><\/span><\/a><\/div><div class=\"raven-post-content\"><div class=\"raven-post-meta\"><a class=\"raven-post-meta-item raven-post-date\" href=\"https:\/\/latijerayeldedal.com\/blog\/2024\/11\/\" rel=\"bookmark\">noviembre 29, 2024<\/a><\/div><h3 class=\"raven-post-title\"><a class=\"raven-post-title-link\" href=\"https:\/\/latijerayeldedal.com\/blog\/mochila-de-hortensia\/\">Mochila de Hortensia<\/a><\/h3><div class=\"raven-post-excerpt\">Una mochilita m\u00e1s. En la mercer\u00eda La Tijera y el Dedal nos encantan los bolsos, bolsas, mochilas, etc.<\/div><div class=\"raven-post-read-more\"><a class=\"raven-post-button\" href=\"https:\/\/latijerayeldedal.com\/blog\/mochila-de-hortensia\/\"><span class=\"raven-post-button-text\">Leer m\u00e1s<\/span><\/a><\/div><div class=\"raven-post-author-spotlight\"><a href=\"https:\/\/latijerayeldedal.com\/blog\/author\/latijerayeldedal\/\"><img decoding=\"async\" src=\"https:\/\/secure.gravatar.com\/avatar\/1ca3b39db033dbb724c1cf5aa644cb7e72c5705ca5972f7ed7afca0805c7b64d?s=256&amp;d=mm&amp;r=g\" title=\"latijerayeldedal\" alt=\"latijerayeldedal\">By latijerayeldedal<\/a><\/div><\/div><\/div><\/div><\/div><div class=\"raven-posts-item raven-metro-item  \"><div class=\"raven-post-wrapper \"><div class=\"raven-post  \"><div class=\"raven-post-image-wrap\"><ul class=\"raven-post-meta-item raven-post-tags\"><li><a href=\"https:\/\/latijerayeldedal.com\/blog\/tag\/handmade\/\" rel=\"tag\">handmade<\/a><\/li><li><a href=\"https:\/\/latijerayeldedal.com\/blog\/tag\/jerseys\/\" rel=\"tag\">jerseys<\/a><\/li><\/ul><a class=\"raven-post-image raven-image-fit\" href=\"https:\/\/latijerayeldedal.com\/blog\/jersey-de-punto-de-dulce\/\"> <img loading=\"lazy\" decoding=\"async\" width=\"683\" height=\"1024\" src=\"https:\/\/latijerayeldedal.com\/blog\/wp-content\/uploads\/2024\/11\/232-683x1024.jpg\" class=\"attachment-large size-large wp-image-1303\" alt=\"\" srcset=\"https:\/\/latijerayeldedal.com\/blog\/wp-content\/uploads\/2024\/11\/232-683x1024.jpg 683w, https:\/\/latijerayeldedal.com\/blog\/wp-content\/uploads\/2024\/11\/232-200x300.jpg 200w, https:\/\/latijerayeldedal.com\/blog\/wp-content\/uploads\/2024\/11\/232-768x1152.jpg 768w, https:\/\/latijerayeldedal.com\/blog\/wp-content\/uploads\/2024\/11\/232-1024x1536.jpg 1024w, https:\/\/latijerayeldedal.com\/blog\/wp-content\/uploads\/2024\/11\/232.jpg 1067w\" sizes=\"(max-width: 683px) 100vw, 683px\" \/><span class=\"raven-post-image-overlay\"><\/span><\/a><\/div><div class=\"raven-post-content\"><div class=\"raven-post-meta\"><a class=\"raven-post-meta-item raven-post-date\" href=\"https:\/\/latijerayeldedal.com\/blog\/2024\/11\/\" rel=\"bookmark\">noviembre 28, 2024<\/a><\/div><h3 class=\"raven-post-title\"><a class=\"raven-post-title-link\" href=\"https:\/\/latijerayeldedal.com\/blog\/jersey-de-punto-de-dulce\/\">Jersey de punto de Dulce<\/a><\/h3><div class=\"raven-post-excerpt\">El fr\u00edo se est\u00e1 resistiendo a llegar, pero tiene pinta de que est\u00e1 a la vuelta de la<\/div><div class=\"raven-post-read-more\"><a class=\"raven-post-button\" href=\"https:\/\/latijerayeldedal.com\/blog\/jersey-de-punto-de-dulce\/\"><span class=\"raven-post-button-text\">Leer m\u00e1s<\/span><\/a><\/div><div class=\"raven-post-author-spotlight\"><a href=\"https:\/\/latijerayeldedal.com\/blog\/author\/latijerayeldedal\/\"><img decoding=\"async\" src=\"https:\/\/secure.gravatar.com\/avatar\/1ca3b39db033dbb724c1cf5aa644cb7e72c5705ca5972f7ed7afca0805c7b64d?s=256&amp;d=mm&amp;r=g\" title=\"latijerayeldedal\" alt=\"latijerayeldedal\">By latijerayeldedal<\/a><\/div><\/div><\/div><\/div><\/div>\t\t\t<\/div>\n\t\t\t<span class=\"raven-posts-preloader\"><\/span><div class=\"raven-load-more\" data-settings=\"{&quot;maxNumPages&quot;:13}\"><a class=\"raven-load-more-button\" href=\"#\"><span class=\"raven-post-button-text\">Cargar m\u00e1s<\/span><\/a><\/div>\t\t<\/div>\n\t\t\t\t<\/div>\n\t\t\t\t<\/div>\n\t\t\t\t\t<\/div>\n\t\t\t\t<\/div>\n\t\t\t\t<\/div>\n\t\t","protected":false},"excerpt":{"rendered":"<p>\u00a1Bienvenidas al Retroblog de La Tijera y el Dedal! Estamos emocionadas de anunciar el lanzamiento del Retroblog de La Tijera y el Dedal, un viaje nost\u00e1lgico que nos llevar\u00e1 de regreso al 1 de noviembre de 2011, cuando realizamos nuestra primera publicaci\u00f3n. Este proyecto especial busca revivir aquellos momentos que han sido fundamentales en nuestra [&hellip;]<\/p>\n","protected":false},"author":1,"featured_media":0,"parent":0,"menu_order":0,"comment_status":"closed","ping_status":"closed","template":"","meta":{"_acf_changed":false,"footnotes":""},"class_list":["post-16","page","type-page","status-publish","hentry"],"acf":[],"yoast_head":"<!-- This site is optimized with the Yoast SEO plugin v23.5 - https:\/\/yoast.com\/wordpress\/plugins\/seo\/ -->\n<title>Retroblog de La Tijera y el Dedal<\/title>\n<meta name=\"description\" content=\"Revive nuestra historia en el Retroblog de La Tijera y el Dedal. \u00danete a este viaje nost\u00e1lgico de creatividad y recuerdos inolvidables.\" \/>\n<meta name=\"robots\" content=\"noindex, follow, max-snippet:-1, max-image-preview:large, max-video-preview:-1\" \/>\n<meta property=\"og:locale\" content=\"es_ES\" \/>\n<meta property=\"og:type\" content=\"article\" \/>\n<meta property=\"og:title\" content=\"Retroblog de La Tijera y el Dedal\" \/>\n<meta property=\"og:description\" content=\"Revive nuestra historia en el Retroblog de La Tijera y el Dedal. \u00danete a este viaje nost\u00e1lgico de creatividad y recuerdos inolvidables.\" \/>\n<meta property=\"og:url\" content=\"https:\/\/latijerayeldedal.com\/blog\/bienvenidas-al-retroblog-de-la-tijera-y-el-dedal\/\" \/>\n<meta property=\"og:site_name\" content=\"El Retroblog de la Tijera y el Dedal\" \/>\n<meta property=\"article:modified_time\" content=\"2024-09-17T15:24:11+00:00\" \/>\n<meta property=\"og:image\" content=\"https:\/\/latijerayeldedal.com\/blog\/wp-content\/uploads\/2024\/09\/Portada-Retroblog_Mesa-de-trabajo-1-1024x576.png\" \/>\n<meta name=\"twitter:card\" content=\"summary_large_image\" \/>\n<meta name=\"twitter:label1\" content=\"Tiempo de lectura\" \/>\n\t<meta name=\"twitter:data1\" content=\"5 minutos\" \/>\n<script type=\"application\/ld+json\" class=\"yoast-schema-graph\">{\"@context\":\"https:\/\/schema.org\",\"@graph\":[{\"@type\":\"WebPage\",\"@id\":\"https:\/\/latijerayeldedal.com\/blog\/bienvenidas-al-retroblog-de-la-tijera-y-el-dedal\/\",\"url\":\"https:\/\/latijerayeldedal.com\/blog\/bienvenidas-al-retroblog-de-la-tijera-y-el-dedal\/\",\"name\":\"Retroblog de La Tijera y el Dedal\",\"isPartOf\":{\"@id\":\"https:\/\/latijerayeldedal.com\/blog\/#website\"},\"primaryImageOfPage\":{\"@id\":\"https:\/\/latijerayeldedal.com\/blog\/bienvenidas-al-retroblog-de-la-tijera-y-el-dedal\/#primaryimage\"},\"image\":{\"@id\":\"https:\/\/latijerayeldedal.com\/blog\/bienvenidas-al-retroblog-de-la-tijera-y-el-dedal\/#primaryimage\"},\"thumbnailUrl\":\"https:\/\/latijerayeldedal.com\/blog\/wp-content\/uploads\/2024\/09\/Portada-Retroblog_Mesa-de-trabajo-1-1024x576.png\",\"datePublished\":\"2024-05-08T06:29:30+00:00\",\"dateModified\":\"2024-09-17T15:24:11+00:00\",\"description\":\"Revive nuestra historia en el Retroblog de La Tijera y el Dedal. \u00danete a este viaje nost\u00e1lgico de creatividad y recuerdos inolvidables.\",\"breadcrumb\":{\"@id\":\"https:\/\/latijerayeldedal.com\/blog\/bienvenidas-al-retroblog-de-la-tijera-y-el-dedal\/#breadcrumb\"},\"inLanguage\":\"es\",\"potentialAction\":[{\"@type\":\"ReadAction\",\"target\":[\"https:\/\/latijerayeldedal.com\/blog\/bienvenidas-al-retroblog-de-la-tijera-y-el-dedal\/\"]}]},{\"@type\":\"ImageObject\",\"inLanguage\":\"es\",\"@id\":\"https:\/\/latijerayeldedal.com\/blog\/bienvenidas-al-retroblog-de-la-tijera-y-el-dedal\/#primaryimage\",\"url\":\"https:\/\/latijerayeldedal.com\/blog\/wp-content\/uploads\/2024\/09\/Portada-Retroblog_Mesa-de-trabajo-1.png\",\"contentUrl\":\"https:\/\/latijerayeldedal.com\/blog\/wp-content\/uploads\/2024\/09\/Portada-Retroblog_Mesa-de-trabajo-1.png\",\"width\":1920,\"height\":1080},{\"@type\":\"BreadcrumbList\",\"@id\":\"https:\/\/latijerayeldedal.com\/blog\/bienvenidas-al-retroblog-de-la-tijera-y-el-dedal\/#breadcrumb\",\"itemListElement\":[{\"@type\":\"ListItem\",\"position\":1,\"name\":\"Portada\",\"item\":\"https:\/\/latijerayeldedal.com\/blog\/\"},{\"@type\":\"ListItem\",\"position\":2,\"name\":\"\u00a1Bienvenidas al Retroblog de La Tijera y el Dedal!\"}]},{\"@type\":\"WebSite\",\"@id\":\"https:\/\/latijerayeldedal.com\/blog\/#website\",\"url\":\"https:\/\/latijerayeldedal.com\/blog\/\",\"name\":\"El Retroblog de la Tijera y el Dedal\",\"description\":\"El Retroblog de La Tijera y el Dedal revive nuestra historia hasta el 1 de noviembre de 2011, cuando escribimos nuestro primera publicaci\u00f3n. Publicaremos contenido diario que nos llevar\u00e1 atr\u00e1s en el tiempo, recordando momentos, labores y ocurrencias que han ido formado nuestra comunidad. \u00danete a este viaje nost\u00e1lgico de creatividad y recuerdos.\",\"potentialAction\":[{\"@type\":\"SearchAction\",\"target\":{\"@type\":\"EntryPoint\",\"urlTemplate\":\"https:\/\/latijerayeldedal.com\/blog\/?s={search_term_string}\"},\"query-input\":{\"@type\":\"PropertyValueSpecification\",\"valueRequired\":true,\"valueName\":\"search_term_string\"}}],\"inLanguage\":\"es\"}]}<\/script>\n<!-- \/ Yoast SEO plugin. -->","yoast_head_json":{"title":"Retroblog de La Tijera y el Dedal","description":"Revive nuestra historia en el Retroblog de La Tijera y el Dedal. \u00danete a este viaje nost\u00e1lgico de creatividad y recuerdos inolvidables.","robots":{"index":"noindex","follow":"follow","max-snippet":"max-snippet:-1","max-image-preview":"max-image-preview:large","max-video-preview":"max-video-preview:-1"},"og_locale":"es_ES","og_type":"article","og_title":"Retroblog de La Tijera y el Dedal","og_description":"Revive nuestra historia en el Retroblog de La Tijera y el Dedal. \u00danete a este viaje nost\u00e1lgico de creatividad y recuerdos inolvidables.","og_url":"https:\/\/latijerayeldedal.com\/blog\/bienvenidas-al-retroblog-de-la-tijera-y-el-dedal\/","og_site_name":"El Retroblog de la Tijera y el Dedal","article_modified_time":"2024-09-17T15:24:11+00:00","og_image":[{"url":"https:\/\/latijerayeldedal.com\/blog\/wp-content\/uploads\/2024\/09\/Portada-Retroblog_Mesa-de-trabajo-1-1024x576.png"}],"twitter_card":"summary_large_image","twitter_misc":{"Tiempo de lectura":"5 minutos"},"schema":{"@context":"https:\/\/schema.org","@graph":[{"@type":"WebPage","@id":"https:\/\/latijerayeldedal.com\/blog\/bienvenidas-al-retroblog-de-la-tijera-y-el-dedal\/","url":"https:\/\/latijerayeldedal.com\/blog\/bienvenidas-al-retroblog-de-la-tijera-y-el-dedal\/","name":"Retroblog de La Tijera y el Dedal","isPartOf":{"@id":"https:\/\/latijerayeldedal.com\/blog\/#website"},"primaryImageOfPage":{"@id":"https:\/\/latijerayeldedal.com\/blog\/bienvenidas-al-retroblog-de-la-tijera-y-el-dedal\/#primaryimage"},"image":{"@id":"https:\/\/latijerayeldedal.com\/blog\/bienvenidas-al-retroblog-de-la-tijera-y-el-dedal\/#primaryimage"},"thumbnailUrl":"https:\/\/latijerayeldedal.com\/blog\/wp-content\/uploads\/2024\/09\/Portada-Retroblog_Mesa-de-trabajo-1-1024x576.png","datePublished":"2024-05-08T06:29:30+00:00","dateModified":"2024-09-17T15:24:11+00:00","description":"Revive nuestra historia en el Retroblog de La Tijera y el Dedal. \u00danete a este viaje nost\u00e1lgico de creatividad y recuerdos inolvidables.","breadcrumb":{"@id":"https:\/\/latijerayeldedal.com\/blog\/bienvenidas-al-retroblog-de-la-tijera-y-el-dedal\/#breadcrumb"},"inLanguage":"es","potentialAction":[{"@type":"ReadAction","target":["https:\/\/latijerayeldedal.com\/blog\/bienvenidas-al-retroblog-de-la-tijera-y-el-dedal\/"]}]},{"@type":"ImageObject","inLanguage":"es","@id":"https:\/\/latijerayeldedal.com\/blog\/bienvenidas-al-retroblog-de-la-tijera-y-el-dedal\/#primaryimage","url":"https:\/\/latijerayeldedal.com\/blog\/wp-content\/uploads\/2024\/09\/Portada-Retroblog_Mesa-de-trabajo-1.png","contentUrl":"https:\/\/latijerayeldedal.com\/blog\/wp-content\/uploads\/2024\/09\/Portada-Retroblog_Mesa-de-trabajo-1.png","width":1920,"height":1080},{"@type":"BreadcrumbList","@id":"https:\/\/latijerayeldedal.com\/blog\/bienvenidas-al-retroblog-de-la-tijera-y-el-dedal\/#breadcrumb","itemListElement":[{"@type":"ListItem","position":1,"name":"Portada","item":"https:\/\/latijerayeldedal.com\/blog\/"},{"@type":"ListItem","position":2,"name":"\u00a1Bienvenidas al Retroblog de La Tijera y el Dedal!"}]},{"@type":"WebSite","@id":"https:\/\/latijerayeldedal.com\/blog\/#website","url":"https:\/\/latijerayeldedal.com\/blog\/","name":"El Retroblog de la Tijera y el Dedal","description":"El Retroblog de La Tijera y el Dedal revive nuestra historia hasta el 1 de noviembre de 2011, cuando escribimos nuestro primera publicaci\u00f3n. Publicaremos contenido diario que nos llevar\u00e1 atr\u00e1s en el tiempo, recordando momentos, labores y ocurrencias que han ido formado nuestra comunidad. \u00danete a este viaje nost\u00e1lgico de creatividad y recuerdos.","potentialAction":[{"@type":"SearchAction","target":{"@type":"EntryPoint","urlTemplate":"https:\/\/latijerayeldedal.com\/blog\/?s={search_term_string}"},"query-input":{"@type":"PropertyValueSpecification","valueRequired":true,"valueName":"search_term_string"}}],"inLanguage":"es"}]}},"_links":{"self":[{"href":"https:\/\/latijerayeldedal.com\/blog\/wp-json\/wp\/v2\/pages\/16","targetHints":{"allow":["GET"]}}],"collection":[{"href":"https:\/\/latijerayeldedal.com\/blog\/wp-json\/wp\/v2\/pages"}],"about":[{"href":"https:\/\/latijerayeldedal.com\/blog\/wp-json\/wp\/v2\/types\/page"}],"author":[{"embeddable":true,"href":"https:\/\/latijerayeldedal.com\/blog\/wp-json\/wp\/v2\/users\/1"}],"replies":[{"embeddable":true,"href":"https:\/\/latijerayeldedal.com\/blog\/wp-json\/wp\/v2\/comments?post=16"}],"version-history":[{"count":53,"href":"https:\/\/latijerayeldedal.com\/blog\/wp-json\/wp\/v2\/pages\/16\/revisions"}],"predecessor-version":[{"id":1110,"href":"https:\/\/latijerayeldedal.com\/blog\/wp-json\/wp\/v2\/pages\/16\/revisions\/1110"}],"wp:attachment":[{"href":"https:\/\/latijerayeldedal.com\/blog\/wp-json\/wp\/v2\/media?parent=16"}],"curies":[{"name":"wp","href":"https:\/\/api.w.org\/{rel}","templated":true}]}}